{"id":1566,"date":"2020-10-15T15:47:29","date_gmt":"2020-10-15T15:47:29","guid":{"rendered":"http:\/\/art.estis.de\/?page_id=1566"},"modified":"2021-01-07T15:01:56","modified_gmt":"2021-01-07T15:01:56","slug":"hartmut-freytag-im-dialog","status":"publish","type":"page","link":"http:\/\/art.estis.de\/fr\/mediathek\/texte\/hartmut-freytag-im-dialog\/","title":{"rendered":"Hartmut Freytag &#8211; Im Dialog"},"content":{"rendered":"\t\t<div data-elementor-type=\"wp-page\" data-elementor-id=\"1566\" class=\"elementor elementor-1566\">\n\t\t\t\t\t\t<div class=\"elementor-inner\">\n\t\t\t\t<div class=\"elementor-section-wrap\">\n\t\t\t\t\t\t\t\t\t<section class=\"elementor-section elementor-top-section elementor-element elementor-element-5838dd68 elementor-section-boxed elementor-section-height-default elementor-section-height-default\" data-id=\"5838dd68\" data-element_type=\"section\">\n\t\t\t\t\t\t<div class=\"elementor-container elementor-column-gap-default\">\n\t\t\t\t\t\t\t<div class=\"elementor-row\">\n\t\t\t\t\t<div class=\"elementor-column elementor-col-100 elementor-top-column elementor-element elementor-element-3b7fce55\" data-id=\"3b7fce55\" data-element_type=\"column\">\n\t\t\t<div class=\"elementor-column-wrap elementor-element-populated\">\n\t\t\t\t\t\t\t<div class=\"elementor-widget-wrap\">\n\t\t\t\t\t\t<div class=\"elementor-element elementor-element-3f053f7 elementor-widget elementor-widget-spacer\" data-id=\"3f053f7\" data-element_type=\"widget\" data-widget_type=\"spacer.default\">\n\t\t\t\t<div class=\"elementor-widget-container\">\n\t\t\t\t\t<div class=\"elementor-spacer\">\n\t\t\t<div class=\"elementor-spacer-inner\"><\/div>\n\t\t<\/div>\n\t\t\t\t<\/div>\n\t\t\t\t<\/div>\n\t\t\t\t<div class=\"elementor-element elementor-element-450d355e elementor-widget elementor-widget-heading\" data-id=\"450d355e\" data-element_type=\"widget\" data-widget_type=\"heading.default\">\n\t\t\t\t<div class=\"elementor-widget-container\">\n\t\t\t<h4 class=\"elementor-heading-title elementor-size-default\">Prof. Dr. Hartmut Freytag<\/h4>\t\t<\/div>\n\t\t\t\t<\/div>\n\t\t\t\t<div class=\"elementor-element elementor-element-6be2e243 elementor-widget elementor-widget-heading\" data-id=\"6be2e243\" data-element_type=\"widget\" data-widget_type=\"heading.default\">\n\t\t\t\t<div class=\"elementor-widget-container\">\n\t\t\t<h4 class=\"elementor-heading-title elementor-size-default\">(Universit\u00e4t Hamburg)<\/h4>\t\t<\/div>\n\t\t\t\t<\/div>\n\t\t\t\t<div class=\"elementor-element elementor-element-e3dab57 elementor-widget elementor-widget-heading\" data-id=\"e3dab57\" data-element_type=\"widget\" data-widget_type=\"heading.default\">\n\t\t\t\t<div class=\"elementor-widget-container\">\n\t\t\t<h1 class=\"elementor-heading-title elementor-size-default\">Im Dialog.<br>\nArbeiten der K\u00fcnstlerfamilie Lydia Schulgina - Nikolai Estis - Alexander Estis. Malerei - Plastik - Grafik<\/h1>\t\t<\/div>\n\t\t\t\t<\/div>\n\t\t\t\t<div class=\"elementor-element elementor-element-449d2637 elementor-widget elementor-widget-heading\" data-id=\"449d2637\" data-element_type=\"widget\" data-widget_type=\"heading.default\">\n\t\t\t\t<div class=\"elementor-widget-container\">\n\t\t\t<h4 class=\"elementor-heading-title elementor-size-default\">Ausschnitt aus dem Vortrag zur Ausstellung in der Drostei, Pinneberg\n23. Januar 2011\u200b<\/h4>\t\t<\/div>\n\t\t\t\t<\/div>\n\t\t\t\t<div class=\"elementor-element elementor-element-6a6fd75 elementor-widget elementor-widget-spacer\" data-id=\"6a6fd75\" data-element_type=\"widget\" data-widget_type=\"spacer.default\">\n\t\t\t\t<div class=\"elementor-widget-container\">\n\t\t\t\t\t<div class=\"elementor-spacer\">\n\t\t\t<div class=\"elementor-spacer-inner\"><\/div>\n\t\t<\/div>\n\t\t\t\t<\/div>\n\t\t\t\t<\/div>\n\t\t\t\t\t\t<\/div>\n\t\t\t\t\t<\/div>\n\t\t<\/div>\n\t\t\t\t\t\t\t\t<\/div>\n\t\t\t\t\t<\/div>\n\t\t<\/section>\n\t\t\t\t<section class=\"elementor-section elementor-top-section elementor-element elementor-element-707e3864 elementor-section-boxed elementor-section-height-default elementor-section-height-default\" data-id=\"707e3864\" data-element_type=\"section\">\n\t\t\t\t\t\t<div class=\"elementor-container elementor-column-gap-default\">\n\t\t\t\t\t\t\t<div class=\"elementor-row\">\n\t\t\t\t\t<div class=\"elementor-column elementor-col-100 elementor-top-column elementor-element elementor-element-6bd647a7\" data-id=\"6bd647a7\" data-element_type=\"column\">\n\t\t\t<div class=\"elementor-column-wrap elementor-element-populated\">\n\t\t\t\t\t\t\t<div class=\"elementor-widget-wrap\">\n\t\t\t\t\t\t<div class=\"elementor-element elementor-element-3239870 elementor-widget elementor-widget-text-editor\" data-id=\"3239870\" data-element_type=\"widget\" data-widget_type=\"text-editor.default\">\n\t\t\t\t<div class=\"elementor-widget-container\">\n\t\t\t\t\t\t\t\t<div class=\"elementor-text-editor elementor-clearfix\">\n\t\t\t\t<p>Nikolai ist im Wesen seiner Kunst Lydia verbunden, oder sollte ich es besser umkehren und sagen: Lydia ist in ihrer Kunst Nikolai verbunden? Auch seine gemalten Gestalten sind schemenhaft, erscheinen wie ein Ausschnitt aus einer nicht begrenzten, sich ver\u00e4ndernden, verwandelnden Struktur.\u00a0Ich denke an Nikolais wundervolles Album \u00ab\u00a0Chaos und Kosmos\u00a0\u00bb. Es liegt ebenso wie das gro\u00dfartige Album von Lydia am Empfangstresen zur Ansicht aus.<\/p><p>Das Chaos, das zur Form findet, um sofort wieder zu zerfallen und sich von Neuem zu bilden \u2013 wie ein dicht gepackter, flirrender Organismus.\u00a0Die Malerei zeigt Verwandlung, irrlichternde schemenhafte krisselige Form, etwas ewig Prozesshaftes.<\/p><p>Auf dem Plakat zu dieser Ausstellung sehen Sie rechts neben der Skulptur aus der Hand Lydias, Nikolais Bildausschnitt in Form und Farbe, f\u00fchlen gleichsam die innere Nervosit\u00e4t, das Zerbrechliche, zugleich aber auch das Kraftvolle, das schemenhafte Aufleuchten von Figuren \u2013 und bemerken nach l\u00e4ngerem Betrachten und bei genauem Hinsehen, wie sich Gestalten aus dem Chaos, aus der informellen Malerei heraus l\u00f6sen. Dabei sind sie aber durchaus in die kleinteilige Textur des Bildes eingewoben, die, teppichartig gestaltet, die unendliche F\u00fclle des Universums abbildet. Man wei\u00df nicht, wie lange die Figuren in dieser Form erhalten bleiben, sie scheinen sich wie zuf\u00e4llig herauszubilden und wieder zu vergehen, dem Gesetz des Stirb und Werde auf ewig ausgesetzt. Es ist, wie wenn es keinen Anfang und kein Ende gibt.<\/p><p>\u00c4hnliches gilt f\u00fcr das Gem\u00e4lde \u00ab\u00a0Babylon\u00a0\u00bb \u2013 ein wichtiges Motiv bei Nikolai, der wie Lydia auf das alte Thema, das seine G\u00fcltigkeit bis heute bewahrt hat, zur\u00fcckgreift. Es gemahnt an Bau und Zerst\u00f6rung des Turms zu Babel, der s\u00fcndhaften Stadt, die ihren symboltr\u00e4chtigen Namen von dem alten hebr\u00e4ischen Wort mit der Bedeutung \u00ab\u00a0Verwirrung, Durcheinander\u00a0\u00bb herleitet. Hieran erinnert die unendliche Menge an Menschen in Nikolais gleichnamigem Gem\u00e4lde.\u00a0Der Turm von Babel verdichtet sich in der F\u00fclle des Universums, er zeigt, wie sich ein unheimlich gewaltiger Turm zusammenballt \u2013 eine d\u00fcstere, aber vor\u00fcbergehende Form, die auch wieder zerfallen und immer von Neuem entstehen kann \u2013 die Versinnbildlichung eines modernen Babel.<\/p><p>Kein Abbild von Gestalten, eher wesenhaft herausleuchtend ist das h\u00e4ufige Motiv des Vogels, Symbol der fl\u00fcchtigen und verletzbaren menschlichen Existenz. Der bald zarte und bald unheimliche, aus dem Gewirr und dem Strudel der Striche auftauchende und sich wieder verfl\u00fcchtigende Vogel, der sich jederzeit von neuem verfl\u00fcchtigen k\u00f6nnte. Der geknebelte, verletzte Geist. Daneben aber auch der bedrohliche Schicksalsvogel, wie wir ihn aus der Mythologie kennen.<\/p><p>Ein Wesen aus einer anderen Welt, das sich in eben diese Textur des Bildgrundes einf\u00fcgt, ist der Engel, mit dem sich Nikolai auch oft k\u00fcnstlerisch auseinandersetzt.\u00a0Ein Gem\u00e4lde zeigt einen gewaltigen Engel, der sich erst allm\u00e4hlich entpuppt, den Engel als kraftvolles gefl\u00fcgeltes Geistwesen, meist ohne individuelles Gesicht, den Boten einer anderen Welt, in oft gewaltigen Erscheinungen, die beim Menschen Ehrfurcht und Schrecken ausl\u00f6sen und an den Verk\u00fcndigungsengel Gabriel erinnern, der Maria und die Hirten bei seinem Erscheinen auffordert, sich nicht zu f\u00fcrchten \u2013 ein Thema, das die K\u00fcnstlerfamilie nicht losl\u00e4sst und sie miteinander verbindet.<\/p>\t\t\t\t\t<\/div>\n\t\t\t\t\t\t<\/div>\n\t\t\t\t<\/div>\n\t\t\t\t\t\t<\/div>\n\t\t\t\t\t<\/div>\n\t\t<\/div>\n\t\t\t\t\t\t\t\t<\/div>\n\t\t\t\t\t<\/div>\n\t\t<\/section>\n\t\t\t\t<section class=\"elementor-section elementor-top-section elementor-element elementor-element-60a8b23d elementor-section-boxed elementor-section-height-default elementor-section-height-default\" data-id=\"60a8b23d\" data-element_type=\"section\">\n\t\t\t\t\t\t<div class=\"elementor-container elementor-column-gap-default\">\n\t\t\t\t\t\t\t<div class=\"elementor-row\">\n\t\t\t\t\t<div class=\"elementor-column elementor-col-100 elementor-top-column elementor-element elementor-element-4947c5e5\" data-id=\"4947c5e5\" data-element_type=\"column\">\n\t\t\t<div class=\"elementor-column-wrap elementor-element-populated\">\n\t\t\t\t\t\t\t<div class=\"elementor-widget-wrap\">\n\t\t\t\t\t\t<div class=\"elementor-element elementor-element-587d1db1 elementor-widget elementor-widget-image\" data-id=\"587d1db1\" data-element_type=\"widget\" data-widget_type=\"image.default\">\n\t\t\t\t<div class=\"elementor-widget-container\">\n\t\t\t\t\t\t\t\t<div class=\"elementor-image\">\n\t\t\t\t\t\t\t\t\t\t\t\t<img decoding=\"async\" src=\"http:\/\/art.estis.de\/wp-content\/uploads\/elementor\/thumbs\/tuerme_03_tempera_on_paper_28_36_1999-osddqvjj54tydygkbwzzkoekm47pmaw544v2o223gg.jpg\" title=\"Nikolai Estis, \u00ab\u00a0Turm Nr. 3 \/ Tower No. 3\u00a0\u00bb, 1999, tempera on paper, 28 x 36 cm\" loading=\"lazy\" \/>\t\t\t\t\t\t\t\t\t\t\t\t\t\t<\/div>\n\t\t\t\t\t\t<\/div>\n\t\t\t\t<\/div>\n\t\t\t\t\t\t<\/div>\n\t\t\t\t\t<\/div>\n\t\t<\/div>\n\t\t\t\t\t\t\t\t<\/div>\n\t\t\t\t\t<\/div>\n\t\t<\/section>\n\t\t\t\t<section class=\"elementor-section elementor-top-section elementor-element elementor-element-18e1394e elementor-section-boxed elementor-section-height-default elementor-section-height-default\" data-id=\"18e1394e\" data-element_type=\"section\">\n\t\t\t\t\t\t<div class=\"elementor-container elementor-column-gap-default\">\n\t\t\t\t\t\t\t<div class=\"elementor-row\">\n\t\t\t\t\t<div class=\"elementor-column elementor-col-100 elementor-top-column elementor-element elementor-element-45d811ee\" data-id=\"45d811ee\" data-element_type=\"column\">\n\t\t\t<div class=\"elementor-column-wrap elementor-element-populated\">\n\t\t\t\t\t\t\t<div class=\"elementor-widget-wrap\">\n\t\t\t\t\t\t<div class=\"elementor-element elementor-element-47aef97a elementor-widget elementor-widget-text-editor\" data-id=\"47aef97a\" data-element_type=\"widget\" data-widget_type=\"text-editor.default\">\n\t\t\t\t<div class=\"elementor-widget-container\">\n\t\t\t\t\t\t\t\t<div class=\"elementor-text-editor elementor-clearfix\">\n\t\t\t\t<p style=\"text-align: center;\">Nikolai Estis, <em>T\u00fcrme Nr. 3<\/em>, 1999, Tempera auf Papier, 28 x 36 cm<\/p>\t\t\t\t\t<\/div>\n\t\t\t\t\t\t<\/div>\n\t\t\t\t<\/div>\n\t\t\t\t\t\t<\/div>\n\t\t\t\t\t<\/div>\n\t\t<\/div>\n\t\t\t\t\t\t\t\t<\/div>\n\t\t\t\t\t<\/div>\n\t\t<\/section>\n\t\t\t\t<section class=\"elementor-section elementor-top-section elementor-element elementor-element-2ffbdb4f elementor-section-full_width elementor-section-height-default elementor-section-height-default\" data-id=\"2ffbdb4f\" data-element_type=\"section\" data-settings=\"{&quot;background_background&quot;:&quot;classic&quot;}\">\n\t\t\t\t\t\t<div class=\"elementor-container elementor-column-gap-default\">\n\t\t\t\t\t\t\t<div class=\"elementor-row\">\n\t\t\t\t\t<div class=\"elementor-column elementor-col-100 elementor-top-column elementor-element elementor-element-3d6cd80b\" data-id=\"3d6cd80b\" data-element_type=\"column\">\n\t\t\t<div class=\"elementor-column-wrap elementor-element-populated\">\n\t\t\t\t\t\t\t<div class=\"elementor-widget-wrap\">\n\t\t\t\t\t\t<div class=\"elementor-element elementor-element-2a4edd62 e-grid-align-tablet-center e-grid-align-mobile-center elementor-shape-rounded elementor-grid-0 e-grid-align-center elementor-widget elementor-widget-social-icons\" data-id=\"2a4edd62\" data-element_type=\"widget\" data-settings=\"{&quot;_animation&quot;:&quot;none&quot;}\" data-widget_type=\"social-icons.default\">\n\t\t\t\t<div class=\"elementor-widget-container\">\n\t\t\t\t\t<div class=\"elementor-social-icons-wrapper elementor-grid\">\n\t\t\t\t\t\t\t<span class=\"elementor-grid-item\">\n\t\t\t\t\t<a class=\"elementor-icon elementor-social-icon elementor-social-icon-instagram elementor-animation-shrink elementor-repeater-item-70d7574\" target=\"_blank\">\n\t\t\t\t\t\t<span class=\"elementor-screen-only\">Instagram<\/span>\n\t\t\t\t\t\t<i class=\"fab fa-instagram\"><\/i>\t\t\t\t\t<\/a>\n\t\t\t\t<\/span>\n\t\t\t\t\t\t\t<span class=\"elementor-grid-item\">\n\t\t\t\t\t<a class=\"elementor-icon elementor-social-icon elementor-social-icon-facebook-f elementor-animation-shrink elementor-repeater-item-0e1a14e\" target=\"_blank\">\n\t\t\t\t\t\t<span class=\"elementor-screen-only\">Facebook-f<\/span>\n\t\t\t\t\t\t<i class=\"fab fa-facebook-f\"><\/i>\t\t\t\t\t<\/a>\n\t\t\t\t<\/span>\n\t\t\t\t\t\t\t<span class=\"elementor-grid-item\">\n\t\t\t\t\t<a class=\"elementor-icon elementor-social-icon elementor-social-icon-youtube elementor-animation-shrink elementor-repeater-item-db43a48\" href=\"https:\/\/www.youtube.com\/playlist?list=PLdTqVE1jP8uH6uaaRY1Z4ACYya_UCm3f0\" target=\"_blank\">\n\t\t\t\t\t\t<span class=\"elementor-screen-only\">Youtube<\/span>\n\t\t\t\t\t\t<i class=\"fab fa-youtube\"><\/i>\t\t\t\t\t<\/a>\n\t\t\t\t<\/span>\n\t\t\t\t\t<\/div>\n\t\t\t\t<\/div>\n\t\t\t\t<\/div>\n\t\t\t\t\t\t<\/div>\n\t\t\t\t\t<\/div>\n\t\t<\/div>\n\t\t\t\t\t\t\t\t<\/div>\n\t\t\t\t\t<\/div>\n\t\t<\/section>\n\t\t\t\t<section class=\"elementor-section elementor-top-section elementor-element elementor-element-6135b255 elementor-section-boxed elementor-section-height-default elementor-section-height-default\" data-id=\"6135b255\" data-element_type=\"section\">\n\t\t\t\t\t\t<div class=\"elementor-container elementor-column-gap-default\">\n\t\t\t\t\t\t\t<div class=\"elementor-row\">\n\t\t\t\t\t<div class=\"elementor-column elementor-col-100 elementor-top-column elementor-element elementor-element-5784442c\" data-id=\"5784442c\" data-element_type=\"column\">\n\t\t\t<div class=\"elementor-column-wrap elementor-element-populated\">\n\t\t\t\t\t\t\t<div class=\"elementor-widget-wrap\">\n\t\t\t\t\t\t<div class=\"elementor-element elementor-element-c0e3f8c elementor-widget elementor-widget-text-editor\" data-id=\"c0e3f8c\" data-element_type=\"widget\" data-widget_type=\"text-editor.default\">\n\t\t\t\t<div class=\"elementor-widget-container\">\n\t\t\t\t\t\t\t\t<div class=\"elementor-text-editor elementor-clearfix\">\n\t\t\t\t<p>\u00a9 2021 Studio Nikolai Estis<br \/><a href=\"http:\/\/art.estis.de\/impressum-datenschutz\/\">Impressum\u00a0&amp;\u00a0Datenschutz<\/a><\/p>\t\t\t\t\t<\/div>\n\t\t\t\t\t\t<\/div>\n\t\t\t\t<\/div>\n\t\t\t\t\t\t<\/div>\n\t\t\t\t\t<\/div>\n\t\t<\/div>\n\t\t\t\t\t\t\t\t<\/div>\n\t\t\t\t\t<\/div>\n\t\t<\/section>\n\t\t\t\t\t\t\t\t\t<\/div>\n\t\t\t<\/div>\n\t\t\t\t\t<\/div>\n\t\t","protected":false},"excerpt":{"rendered":"<p>Prof. Dr. Hartmut Freytag (Universit\u00e4t Hamburg) Im Dialog. Arbeiten der K\u00fcnstlerfamilie Lydia Schulgina &#8211; Nikolai Estis &#8211; Alexander Estis. Malerei &#8211; Plastik &#8211; Grafik Ausschnitt aus dem Vortrag zur Ausstellung in der Drostei, Pinneberg 23. Januar 2011\u200b Nikolai ist im Wesen seiner Kunst Lydia verbunden, oder sollte ich es besser umkehren und sagen: Lydia ist [&hellip;]<\/p>\n","protected":false},"author":1,"featured_media":0,"parent":21,"menu_order":0,"comment_status":"closed","ping_status":"closed","template":"","meta":[],"translation":{"provider":"WPGlobus","version":"2.12.0","language":"fr","enabled_languages":["en","es","de","fr","ru"],"languages":{"en":{"title":true,"content":true,"excerpt":false},"es":{"title":false,"content":false,"excerpt":false},"de":{"title":false,"content":false,"excerpt":false},"fr":{"title":false,"content":false,"excerpt":false},"ru":{"title":false,"content":false,"excerpt":false}}},"_links":{"self":[{"href":"http:\/\/art.estis.de\/fr\/wp-json\/wp\/v2\/pages\/1566"}],"collection":[{"href":"http:\/\/art.estis.de\/fr\/wp-json\/wp\/v2\/pages"}],"about":[{"href":"http:\/\/art.estis.de\/fr\/wp-json\/wp\/v2\/types\/page"}],"author":[{"embeddable":true,"href":"http:\/\/art.estis.de\/fr\/wp-json\/wp\/v2\/users\/1"}],"replies":[{"embeddable":true,"href":"http:\/\/art.estis.de\/fr\/wp-json\/wp\/v2\/comments?post=1566"}],"version-history":[{"count":11,"href":"http:\/\/art.estis.de\/fr\/wp-json\/wp\/v2\/pages\/1566\/revisions"}],"predecessor-version":[{"id":2625,"href":"http:\/\/art.estis.de\/fr\/wp-json\/wp\/v2\/pages\/1566\/revisions\/2625"}],"up":[{"embeddable":true,"href":"http:\/\/art.estis.de\/fr\/wp-json\/wp\/v2\/pages\/21"}],"wp:attachment":[{"href":"http:\/\/art.estis.de\/fr\/wp-json\/wp\/v2\/media?parent=1566"}],"curies":[{"name":"wp","href":"https:\/\/api.w.org\/{rel}","templated":true}]}}